{"id":928,"date":"2019-04-21T18:10:02","date_gmt":"2019-04-21T22:10:02","guid":{"rendered":"http:\/\/www.consejeriayliderazgopr.com\/portal\/?page_id=928"},"modified":"2023-09-05T18:36:01","modified_gmt":"2023-09-05T22:36:01","slug":"capred","status":"publish","type":"page","link":"https:\/\/www.consejeriayliderazgopr.com\/portal\/capred\/","title":{"rendered":"Centro de Apoyo Psicosocial y Recursos Educativos para el Desarrollo (CAPRED)"},"content":{"rendered":"\r\n<h4>El Centro de Apoyo Psicosocial y Recursos Educativos para el Desarrollo (CAPRED) fue inaugurado el s\u00e1bado, 23 de marzo de 2019. Las facilidades est\u00e1n ubicadas en la Calle Ferrocarril #1, Esq. Gamboa, Bo. Ancones #1 en San Germ\u00e1n. El desarrollo del CAPRED fue inspirado en la necesidad creciente de ayuda para manejar situaciones cotidianas que afectan a la poblaci\u00f3n. En muchas ocasiones, el acceso a los servicios de ayuda y de salud mental est\u00e1n limitados por factores econ\u00f3micos o por desconocimiento. Asimismo, entendemos que el ser humano es hol\u00edstico y pretendemos promover el crecimiento desde diferentes perspectivas, considerando que la promoci\u00f3n de la salud mental debe ir complementada con el desarrollo personal y profesional.<\/h4>\r\n<p><a href=\"http:\/\/www.consejeriayliderazgopr.com\/portal\/servicios-de-capred\/\" target=\"_self\" rel=\"noopener\"> <img data-recalc-dims=\"1\" loading=\"lazy\" decoding=\"async\" title=\"Logo CARED web\" src=\"https:\/\/i0.wp.com\/www.consejeriayliderazgopr.com\/portal\/wp-content\/uploads\/bb-plugin\/cache\/Logo-CARED-web-landscape.jpg?resize=640%2C457\" alt=\"Logo CARED web\" width=\"640\" height=\"457\" \/> <\/a><\/p>\r\n<h2><a href=\"http:\/\/www.consejeriayliderazgopr.com\/portal\/servicios-de-capred\/\" target=\"_self\" rel=\"noopener\">Nuestros servicios<\/a><\/h2>\r\n<p><a role=\"button\" href=\"http:\/\/www.consejeriayliderazgopr.com\/portal\/servicios-de-capred\/\" target=\"_self\" rel=\"noopener\"> Leer m\u00e1s&#8230; <\/a> <a href=\"http:\/\/www.consejeriayliderazgopr.com\/portal\/equipo-profesional-capred\/\" target=\"_self\" rel=\"noopener\"> <img data-recalc-dims=\"1\" loading=\"lazy\" decoding=\"async\" title=\"Personal CAPRED\" src=\"https:\/\/i0.wp.com\/www.consejeriayliderazgopr.com\/portal\/wp-content\/uploads\/bb-plugin\/cache\/Personal-CAPRED-landscape.jpg?resize=640%2C457\" alt=\"Personal CAPRED\" width=\"640\" height=\"457\" \/> <\/a><\/p>\r\n<h2><a href=\"http:\/\/www.consejeriayliderazgopr.com\/portal\/equipo-profesional-capred\/\" target=\"_self\" rel=\"noopener\">Equipo Profesional<\/a><\/h2>\r\n<p><a role=\"button\" href=\"http:\/\/www.consejeriayliderazgopr.com\/portal\/equipo-profesional-capred\/\" target=\"_self\" rel=\"noopener\"> Con\u00f3cenos <\/a><\/p>\r\n<h3>Consejer\u00eda en L\u00ednea \/ a Distancia<\/h3>\r\n<p>CAPRED ofrece los servicios de consejer\u00eda individual en l\u00ednea \/ a distancia. Estos servicios aplican para la consejer\u00eda educativa, consejer\u00eda de carrera, identificaci\u00f3n de intereses vocacionales, exploraci\u00f3n de carreras, planificaci\u00f3n de carreras y consejer\u00eda educativa.<\/p>\r\n<p><a href=\"http:\/\/www.consejeriayliderazgopr.com\/portal\/consejeria-en-linea-a-distancia\/\">Conoce m\u00e1s detalles<\/a><\/p>\r\n<h3>CAPRED Online<\/h3>\r\n<p>CAPRED Online es una plataforma dirigida para estudiantes, profesionales y personas de la comunidad en general que est\u00e9n interesados en formarse en diversas \u00e1reas.\u00a0 Puede estudiarlo a distancia, desde cualquier parte del mundo, como si estuviera en un sal\u00f3n de clases.<\/p>\r\n<p><a href=\"http:\/\/www.consejeriayliderazgopr.com\/portal\/talleres-pre-universitarios\">Accede oferta de cursos de CAPRED Online<\/a><\/p>\r\n<h3>Calendario de Actividades<\/h3>\r\n<p>Conoce los pr\u00f3ximos talleres, adiestramientos y comienzo de los diversos servicios educativos de CAPRED.<\/p>\r\n<p><a role=\"button\" href=\"http:\/\/www.consejeriayliderazgopr.com\/portal\/proximas-actividades\/\" target=\"_self\" rel=\"noopener\"> Oprime para conocer nuestras pr\u00f3ximas actividades <\/a> <iframe src=\"https:\/\/www.google.com\/maps\/embed\/v1\/place?q=18%C2%B004%2741.2%22N+66%C2%B057%2744.4%22W&amp;key=AIzaSyD09zQ9PNDNNy9TadMuzRV_UsPUoWKntt8\"><\/iframe><\/p>\r\n<h3>Para servicios o informaci\u00f3n:<\/h3>\r\n<p>(787) 212-3668 \/ (787) 903-1852<br \/><a href=\"capredpr@gmail.com\">capredpr@gmail.com<\/a><br \/><a href=\"http:\/\/facebook.com\/capredpr\">facebook.com\/capredpr<\/a><\/p>\r\n","protected":false},"excerpt":{"rendered":"<p>El Centro de Apoyo Psicosocial y Recursos Educativos para el Desarrollo (CAPRED) fue inaugurado el s\u00e1bado, 23 de marzo de 2019. Las facilidades est\u00e1n ubicadas en la Calle Ferrocarril #1, [&hellip;]<\/p>\n","protected":false},"author":1,"featured_media":0,"parent":0,"menu_order":0,"comment_status":"closed","ping_status":"closed","template":"","meta":{"footnotes":""},"class_list":["post-928","page","type-page","status-publish","hentry"],"jetpack_sharing_enabled":true,"jetpack_shortlink":"https:\/\/wp.me\/Pal6D3-eY","_links":{"self":[{"href":"https:\/\/www.consejeriayliderazgopr.com\/portal\/wp-json\/wp\/v2\/pages\/928","targetHints":{"allow":["GET"]}}],"collection":[{"href":"https:\/\/www.consejeriayliderazgopr.com\/portal\/wp-json\/wp\/v2\/pages"}],"about":[{"href":"https:\/\/www.consejeriayliderazgopr.com\/portal\/wp-json\/wp\/v2\/types\/page"}],"author":[{"embeddable":true,"href":"https:\/\/www.consejeriayliderazgopr.com\/portal\/wp-json\/wp\/v2\/users\/1"}],"replies":[{"embeddable":true,"href":"https:\/\/www.consejeriayliderazgopr.com\/portal\/wp-json\/wp\/v2\/comments?post=928"}],"version-history":[{"count":35,"href":"https:\/\/www.consejeriayliderazgopr.com\/portal\/wp-json\/wp\/v2\/pages\/928\/revisions"}],"predecessor-version":[{"id":1276,"href":"https:\/\/www.consejeriayliderazgopr.com\/portal\/wp-json\/wp\/v2\/pages\/928\/revisions\/1276"}],"wp:attachment":[{"href":"https:\/\/www.consejeriayliderazgopr.com\/portal\/wp-json\/wp\/v2\/media?parent=928"}],"curies":[{"name":"wp","href":"https:\/\/api.w.org\/{rel}","templated":true}]}}